{"id":2554,"date":"2021-05-04T19:01:31","date_gmt":"2021-05-04T19:01:31","guid":{"rendered":"http:\/\/new.camira.ro\/?post_type=product&#038;p=2554"},"modified":"2025-04-13T16:12:21","modified_gmt":"2025-04-13T13:12:21","slug":"crama-de-piatra","status":"publish","type":"product","link":"https:\/\/www.camira.ro\/en\/produs\/crama-de-piatra\/","title":{"rendered":"Crama de Piatra"},"content":{"rendered":"<h3 class=\"mkdf-single-product-title\">Crama de Piatra<\/h3>\n<p>O poveste despre iubire. Chiar dac\u0103 la prima vedere sau c\u0103l\u0103torie \u00eentr-acolo ar p\u0103rea un loc legat exclusiv de vin, de via\u021ba \u00eentr-o cram\u0103 \u0219i obiceiurile ei, am descoperit Crama de Piatr\u0103 ca fiind un loc al iubirii \u0219i al pasiunii, sub orice form\u0103 s-ar manifesta acestea. Totodat\u0103 spa\u021biu al prieteniei, al implic\u0103rii personale \u0219i al pove\u0219tii de familie. Aflat\u0103 \u00eentre Prahova \u0219i Buz\u0103u, Crama de Piatr\u0103 este domeniul de \u0219ase hectare care produce vinul <em>Boian<\/em>\u00a0\u201e\u00een cantit\u0103\u021bi mici, dar corecte\u201d, cu un vechi conac restaurat, o teras\u0103 c\u0103tre o natur\u0103 minunat\u0103 \u0219i un restaurant \u00een care \u00eentreaga familia gazd\u0103 particip\u0103 la scrierea acestei pove\u0219ti.<\/p>\n<p>Ne bucur\u0103m s\u0103 observ\u0103m na\u0219terea, cre\u0219terea \u0219i dezvoltarea turismului viticol, chiar \u00een acest moment, \u00een Rom\u00e2nia. Din ce \u00een ce mai multe pove\u0219ti frumoase, inspira\u021bionale, despre crame, vin rom\u00e2nesc, soiuri, pasiune \u00een domeniu, experien\u021be culinare \u0219i cazare deosebit\u0103 care \u00eentregesc acest tablou plin de culoare \u0219i de gust.<\/p>\n<h4>CRAMA DE PIATR\u0102 RE\u00ceNVIE \u00ceN 2018, \u00ceNTR-O POVESTE CE ARE \u00ceN CENTRU FAMILIA<\/h4>\n<p>Ast\u0103zi suntem \u00een satul Vadu S\u0103pat, chiar la grani\u021ba jude\u021belor Prahova \u0219i Buz\u0103u, \u00eentr-un loc care exist\u0103 de mai bine de 100 de ani. Construit timp de trei ani, \u00eentre 1909 \u0219i 1912, de me\u0219teri italieni ajun\u0219i \u00een podgoria Dealu Mare, locului i-a fost ad\u0103ugat\u0103 mai apoi o cram\u0103 construit\u0103 din piatr\u0103. Crama de la Licorna, construit\u0103 \u00een apropiere, este de asemenea realizat\u0103 de aceia\u0219i me\u0219teri italieni, cu o pivni\u021b\u0103 de vinuri ar\u0103t\u00e2nd \u00eentocmai ca cea de la Crama de Piatr\u0103. Dup\u0103 1995 Crama de Piatr\u0103 traverseaz\u0103 o perioad\u0103 de 23 de ani de pauz\u0103 \u0219i degradare, \u00eens\u0103 re\u00eenvie \u00een 2018, \u00eentr-o poveste cu final fericit ce are \u00een centrul ei familia.<\/p>\n<h4>CRAMA DE PIATR\u0102: 12 CAMERE CONSTRUITE \u00ceN VECHIUL CONAC, DESIGN MODERN, LEMN MASIV, UN RESTAURANT PRIMITOR \u0218I UN MENIU INTERESANT<\/h4>\n<p>Ast\u0103zi Crama de Piatr\u0103 merge mai departe, cu 12 camere construite \u00een vechiul conac, cu un design modern, mult lemn masiv, un restaurant primitor \u0219i un meniu interesant, adaptat local, o teras\u0103 generoas\u0103 de pe marginea c\u0103reia vara \u0219i toamna pot fi tr\u0103ite cele mai frumoase seri lungi, l\u00e2ng\u0103 bogata \u0219i misterioasa vi\u021b\u0103-de-vie.<\/p>\n<p>Din anul 2018 la Crama de Piatr\u0103 au fost lansate \u0219i\u00a0primele vinuri sub brandul\u00a0<em>Boian,\u00a0<\/em>anual fiind \u00eembuteliate aproximativ 20 000 de sticle de vin. Pe domeniu se organizeaz\u0103 \u0219i degust\u0103ri de vin. Printre soiurile cultivate aici se num\u0103r\u0103 Merlot, Cabernet Sauvignon, Feteasc\u0103 Neagr\u0103 \u0219i Feteasc\u0103 Alb\u0103. De men\u021bionat c\u0103 p\u00e2n\u0103 la pasul \u00een care vinul ajunge \u00een sticl\u0103, acesta nu este supus niciunui tratament chimic.<\/p>\n<h4>GUSTURI \u0218I AROME LOCALE, DAR \u0218I INTERNA\u021aIONALE, \u00ceNSO\u021aITE DE VINUL \u0218I BRANDUL PROPRIU<\/h4>\n<p>Experien\u021ba gastronomic\u0103 de la Crama de Piatr\u0103 ne-a surprins, reg\u0103sind aici gusturi \u0219i arome locale, dar \u0219i interna\u021bionale, meniul purt\u00e2nd semn\u0103tura lui chef\u00a0Marius Greab.\u00a0Fiecare fel de m\u00e2ncare este \u00eenso\u021bit, evident, de c\u00e2te un soi al brandului propriu,\u00a0<em>Boian<\/em>: Riesling italian, alb, potrivit pentru serile c\u0103lduroase de var\u0103 \u0219i Feteasca Alb\u0103, cu note intense de citrice, flori de salc\u00e2m \u0219i caise. Apoi Feteasca Alb\u0103 \u0219i Regal\u0103, dou\u0103 soiuri rom\u00e2ne\u0219ti\u00a0aduse \u00eempreun\u0103, Rose-ul prietenos, echilibrat \u0219i plin de via\u021b\u0103, Cabernet Sauvignon \u0219i Feteasca Neagr\u0103 cu note de vanilie, condiment \u0219i ciocolata neagr\u0103, Merlot \u0219i Cabernet Sauvignon cu note de vi\u0219in\u0103, cafea, vanilie \u0219i lemn.<\/p>\n<p>Noi ne-am bucurat de fiecare moment petrecut pe domeniul unei crame construite cu mult\u0103 pasiune, munc\u0103 \u0219i sacrificiu. A\u0219a cum \u00eens\u0103\u0219i vi\u021ba-de-vie are nevoie de at\u00e2t de mult\u0103 r\u0103bdare, pricepere, aten\u021bie \u0219i dragoste. Ne-am reg\u0103sit \u00een lini\u0219tea unui loc ce poate fi at\u00e2t de bl\u00e2nd, t\u0103cut \u0219i pa\u0219nic, petrec\u00e2nd \u00een acela\u0219i timp una din cele mai frumoase, intense \u0219i lungi seri de \u00eenceput de toamn\u0103.<\/p>\n<h4>ZONA DEALU MARE: CRAME CARE RECREEAZ\u0102 TURISMUL VITICOL \u00ceN ROM\u00c2NIA<\/h4>\n<p>Pentru c\u0103 ne afl\u0103m \u00een minunata zon\u0103 Dealu Mare, aproape de Crama de Piatr\u0103 po\u021bi descoperi \u0219i alte crame care recreeaz\u0103 chiar \u00een acest moment turismul viticol din Rom\u00e2nia: Crama Licorna, \u00een construc\u021bia c\u0103reia au fost implica\u021bi aceia\u0219i me\u0219teri italieni, Mierla Alb\u0103, cu un cupaj deosebit de Feteasc\u0103 Neagr\u0103 \u0219i Merlot, Apogeum, cram\u0103 cunoscut\u0103 pentru cea mai bun\u0103 Feteasc\u0103 Neagr\u0103 din Rom\u00e2nia \u0219i Lacerta, amplasat\u0103 \u00eentr-o zon\u0103 de poveste, ce ne aduce aminte de \u00eensorita Toscana.<\/p>\n<p>Crama de Piatr\u0103 este o poveste simpl\u0103, \u00eens\u0103 plin\u0103 de savoare, pasiune \u0219i detalii. Plecat\u0103 tot din s\u00e2nul unei familii unite frumos, a reu\u0219it s\u0103 devin\u0103 \u00een c\u00e2\u021biva ani loc de refugiu pentru c\u0103l\u0103tori, produc\u0103tor de vin \u0219i creator de experien\u021be premium rom\u00e2ne\u0219ti. Ne bucur\u0103m c\u0103 i-am trecut pragul, c\u0103 i-am sim\u021bit energia bun\u0103 \u0219i c\u0103 i-am cunoscut oamenii frumo\u0219i f\u0103r\u0103 de care povestea nu i-ar fi complet\u0103.<\/p>\n","protected":false},"excerpt":{"rendered":"<h4>O poveste cu savoare, pasiune \u0219i detalii<\/h4>\n","protected":false},"featured_media":4655,"comment_status":"open","ping_status":"closed","template":"","meta":[],"product_brand":[],"product_cat":[72],"product_tag":[142,144,141,145,143],"class_list":{"0":"post-2554","1":"product","2":"type-product","3":"status-publish","4":"has-post-thumbnail","6":"product_cat-special-programs","7":"product_tag-buzau","8":"product_tag-conac","9":"product_tag-crama-de-piatra","10":"product_tag-prahoba","11":"product_tag-prahova","13":"first","14":"instock","15":"shipping-taxable","16":"purchasable","17":"product-type-variable","18":"has-default-attributes"},"translation":{"provider":"WPGlobus","version":"3.0.1","language":"en","enabled_languages":["ro","en"],"languages":{"ro":{"title":true,"content":true,"excerpt":true},"en":{"title":false,"content":false,"excerpt":false}}},"yoast_head":"<!-- This site is optimized with the Yoast SEO plugin v26.7 - https:\/\/yoast.com\/wordpress\/plugins\/seo\/ -->\n<title>Crama de Piatra - Camira - Events and Travel<\/title>\n<meta name=\"robots\" content=\"index, follow, max-snippet:-1, max-image-preview:large, max-video-preview:-1\" \/>\n<link rel=\"canonical\" href=\"https:\/\/www.camira.ro\/produs\/crama-de-piatra\/\" \/>\n<meta property=\"og:locale\" content=\"en_US\" \/>\n<meta property=\"og:type\" content=\"article\" \/>\n<meta property=\"og:title\" content=\"Crama de Piatra - Camira - Events and Travel\" \/>\n<meta property=\"og:url\" content=\"https:\/\/www.camira.ro\/produs\/crama-de-piatra\/\" \/>\n<meta property=\"og:site_name\" content=\"Camira - Events and Travel\" \/>\n<meta property=\"article:modified_time\" content=\"2025-04-13T13:12:21+00:00\" \/>\n<meta property=\"og:image\" content=\"https:\/\/www.camira.ro\/wp-content\/uploads\/2021\/05\/1-Crama-de-Piatra-1.jpg\" \/>\n\t<meta property=\"og:image:width\" content=\"1300\" \/>\n\t<meta property=\"og:image:height\" content=\"1056\" \/>\n\t<meta property=\"og:image:type\" content=\"image\/jpeg\" \/>\n<meta name=\"twitter:card\" content=\"summary_large_image\" \/>\n<meta name=\"twitter:label1\" content=\"Est. reading time\" \/>\n\t<meta name=\"twitter:data1\" content=\"5 minutes\" \/>\n<script type=\"application\/ld+json\" class=\"yoast-schema-graph\">{\"@context\":\"https:\/\/schema.org\",\"@graph\":[{\"@type\":\"WebPage\",\"@id\":\"https:\/\/www.camira.ro\/produs\/crama-de-piatra\/\",\"url\":\"https:\/\/www.camira.ro\/produs\/crama-de-piatra\/\",\"name\":\"Crama de Piatra - Camira - Events and Travel\",\"isPartOf\":{\"@id\":\"https:\/\/www.camira.ro\/#website\"},\"primaryImageOfPage\":{\"@id\":\"https:\/\/www.camira.ro\/produs\/crama-de-piatra\/#primaryimage\"},\"image\":{\"@id\":\"https:\/\/www.camira.ro\/produs\/crama-de-piatra\/#primaryimage\"},\"thumbnailUrl\":\"https:\/\/www.camira.ro\/wp-content\/uploads\/2021\/05\/1-Crama-de-Piatra-1.jpg\",\"datePublished\":\"2021-05-04T19:01:31+00:00\",\"dateModified\":\"2025-04-13T13:12:21+00:00\",\"breadcrumb\":{\"@id\":\"https:\/\/www.camira.ro\/produs\/crama-de-piatra\/#breadcrumb\"},\"inLanguage\":\"en-US\",\"potentialAction\":[{\"@type\":\"ReadAction\",\"target\":[\"https:\/\/www.camira.ro\/produs\/crama-de-piatra\/\"]}]},{\"@type\":\"ImageObject\",\"inLanguage\":\"en-US\",\"@id\":\"https:\/\/www.camira.ro\/produs\/crama-de-piatra\/#primaryimage\",\"url\":\"https:\/\/www.camira.ro\/wp-content\/uploads\/2021\/05\/1-Crama-de-Piatra-1.jpg\",\"contentUrl\":\"https:\/\/www.camira.ro\/wp-content\/uploads\/2021\/05\/1-Crama-de-Piatra-1.jpg\",\"width\":1300,\"height\":1056},{\"@type\":\"BreadcrumbList\",\"@id\":\"https:\/\/www.camira.ro\/produs\/crama-de-piatra\/#breadcrumb\",\"itemListElement\":[{\"@type\":\"ListItem\",\"position\":1,\"name\":\"Prima pagin\u0103\",\"item\":\"https:\/\/www.camira.ro\/\"},{\"@type\":\"ListItem\",\"position\":2,\"name\":\"Camira&#8217;s Shop\",\"item\":\"https:\/\/www.camira.ro\/magazin\/\"},{\"@type\":\"ListItem\",\"position\":3,\"name\":\"Crama de Piatra\"}]},{\"@type\":\"WebSite\",\"@id\":\"https:\/\/www.camira.ro\/#website\",\"url\":\"https:\/\/www.camira.ro\/\",\"name\":\"{:ro}Camira - Evenimente si Calatorii{:}{:en}Camira - Events and Travel{:}\",\"description\":\"Events and travel to the next level\",\"potentialAction\":[{\"@type\":\"SearchAction\",\"target\":{\"@type\":\"EntryPoint\",\"urlTemplate\":\"https:\/\/www.camira.ro\/?s={search_term_string}\"},\"query-input\":{\"@type\":\"PropertyValueSpecification\",\"valueRequired\":true,\"valueName\":\"search_term_string\"}}],\"inLanguage\":\"en-US\"}]}<\/script>\n<!-- \/ Yoast SEO plugin. -->","yoast_head_json":{"title":"Crama de Piatra - Camira - Events and Travel","robots":{"index":"index","follow":"follow","max-snippet":"max-snippet:-1","max-image-preview":"max-image-preview:large","max-video-preview":"max-video-preview:-1"},"canonical":"https:\/\/www.camira.ro\/produs\/crama-de-piatra\/","og_locale":"en_US","og_type":"article","og_title":"Crama de Piatra - Camira - Events and Travel","og_url":"https:\/\/www.camira.ro\/produs\/crama-de-piatra\/","og_site_name":"Camira - Events and Travel","article_modified_time":"2025-04-13T13:12:21+00:00","og_image":[{"width":1300,"height":1056,"url":"https:\/\/www.camira.ro\/wp-content\/uploads\/2021\/05\/1-Crama-de-Piatra-1.jpg","type":"image\/jpeg"}],"twitter_card":"summary_large_image","twitter_misc":{"Est. reading time":"5 minutes"},"schema":{"@context":"https:\/\/schema.org","@graph":[{"@type":"WebPage","@id":"https:\/\/www.camira.ro\/produs\/crama-de-piatra\/","url":"https:\/\/www.camira.ro\/produs\/crama-de-piatra\/","name":"Crama de Piatra - Camira - Events and Travel","isPartOf":{"@id":"https:\/\/www.camira.ro\/#website"},"primaryImageOfPage":{"@id":"https:\/\/www.camira.ro\/produs\/crama-de-piatra\/#primaryimage"},"image":{"@id":"https:\/\/www.camira.ro\/produs\/crama-de-piatra\/#primaryimage"},"thumbnailUrl":"https:\/\/www.camira.ro\/wp-content\/uploads\/2021\/05\/1-Crama-de-Piatra-1.jpg","datePublished":"2021-05-04T19:01:31+00:00","dateModified":"2025-04-13T13:12:21+00:00","breadcrumb":{"@id":"https:\/\/www.camira.ro\/produs\/crama-de-piatra\/#breadcrumb"},"inLanguage":"en-US","potentialAction":[{"@type":"ReadAction","target":["https:\/\/www.camira.ro\/produs\/crama-de-piatra\/"]}]},{"@type":"ImageObject","inLanguage":"en-US","@id":"https:\/\/www.camira.ro\/produs\/crama-de-piatra\/#primaryimage","url":"https:\/\/www.camira.ro\/wp-content\/uploads\/2021\/05\/1-Crama-de-Piatra-1.jpg","contentUrl":"https:\/\/www.camira.ro\/wp-content\/uploads\/2021\/05\/1-Crama-de-Piatra-1.jpg","width":1300,"height":1056},{"@type":"BreadcrumbList","@id":"https:\/\/www.camira.ro\/produs\/crama-de-piatra\/#breadcrumb","itemListElement":[{"@type":"ListItem","position":1,"name":"Prima pagin\u0103","item":"https:\/\/www.camira.ro\/"},{"@type":"ListItem","position":2,"name":"Camira&#8217;s Shop","item":"https:\/\/www.camira.ro\/magazin\/"},{"@type":"ListItem","position":3,"name":"Crama de Piatra"}]},{"@type":"WebSite","@id":"https:\/\/www.camira.ro\/#website","url":"https:\/\/www.camira.ro\/","name":"{:ro}Camira - Evenimente si Calatorii{:}{:en}Camira - Events and Travel{:}","description":"Events and travel to the next level","potentialAction":[{"@type":"SearchAction","target":{"@type":"EntryPoint","urlTemplate":"https:\/\/www.camira.ro\/?s={search_term_string}"},"query-input":{"@type":"PropertyValueSpecification","valueRequired":true,"valueName":"search_term_string"}}],"inLanguage":"en-US"}]}},"_links":{"self":[{"href":"https:\/\/www.camira.ro\/en\/wp-json\/wp\/v2\/product\/2554","targetHints":{"allow":["GET"]}}],"collection":[{"href":"https:\/\/www.camira.ro\/en\/wp-json\/wp\/v2\/product"}],"about":[{"href":"https:\/\/www.camira.ro\/en\/wp-json\/wp\/v2\/types\/product"}],"replies":[{"embeddable":true,"href":"https:\/\/www.camira.ro\/en\/wp-json\/wp\/v2\/comments?post=2554"}],"wp:featuredmedia":[{"embeddable":true,"href":"https:\/\/www.camira.ro\/en\/wp-json\/wp\/v2\/media\/4655"}],"wp:attachment":[{"href":"https:\/\/www.camira.ro\/en\/wp-json\/wp\/v2\/media?parent=2554"}],"wp:term":[{"taxonomy":"product_brand","embeddable":true,"href":"https:\/\/www.camira.ro\/en\/wp-json\/wp\/v2\/product_brand?post=2554"},{"taxonomy":"product_cat","embeddable":true,"href":"https:\/\/www.camira.ro\/en\/wp-json\/wp\/v2\/product_cat?post=2554"},{"taxonomy":"product_tag","embeddable":true,"href":"https:\/\/www.camira.ro\/en\/wp-json\/wp\/v2\/product_tag?post=2554"}],"curies":[{"name":"wp","href":"https:\/\/api.w.org\/{rel}","templated":true}]}}